{"version":"1.0","provider_name":"POLYGON ONE","provider_url":"https:\/\/polygon-one.com\/de\/","author_name":"polygon_admin","author_url":"https:\/\/polygon-one.com\/de\/author\/polygon_admin\/","title":"EUDR: Europ\u00e4isches Parlament stimmt f\u00fcr Verschiebung und Vereinfachungen - POLYGON ONE","type":"rich","width":600,"height":338,"html":"<blockquote class=\"wp-embedded-content\" data-secret=\"NIGcdsfaPQ\"><a href=\"https:\/\/polygon-one.com\/de\/eudr-europaisches-parlament-stimmt-fuer-verschiebung\/\">EUDR: Europ\u00e4isches Parlament stimmt f\u00fcr Verschiebung und Vereinfachungen<\/a><\/blockquote><iframe sandbox=\"allow-scripts\" security=\"restricted\" src=\"https:\/\/polygon-one.com\/de\/eudr-europaisches-parlament-stimmt-fuer-verschiebung\/embed\/#?secret=NIGcdsfaPQ\" width=\"600\" height=\"338\" title=\"&#8222;EUDR: Europ\u00e4isches Parlament stimmt f\u00fcr Verschiebung und Vereinfachungen&#8220; &#8211; POLYGON ONE\" data-secret=\"NIGcdsfaPQ\" frameborder=\"0\" marginwidth=\"0\" marginheight=\"0\" scrolling=\"no\" class=\"wp-embedded-content\"><\/iframe><script>\n\/*! This file is auto-generated *\/\n!function(d,l){\"use strict\";l.querySelector&&d.addEventListener&&\"undefined\"!=typeof URL&&(d.wp=d.wp||{},d.wp.receiveEmbedMessage||(d.wp.receiveEmbedMessage=function(e){var t=e.data;if((t||t.secret||t.message||t.value)&&!\/[^a-zA-Z0-9]\/.test(t.secret)){for(var s,r,n,a=l.querySelectorAll('iframe[data-secret=\"'+t.secret+'\"]'),o=l.querySelectorAll('blockquote[data-secret=\"'+t.secret+'\"]'),c=new RegExp(\"^https?:$\",\"i\"),i=0;i<o.length;i++)o[i].style.display=\"none\";for(i=0;i<a.length;i++)s=a[i],e.source===s.contentWindow&&(s.removeAttribute(\"style\"),\"height\"===t.message?(1e3<(r=parseInt(t.value,10))?r=1e3:~~r<200&&(r=200),s.height=r):\"link\"===t.message&&(r=new URL(s.getAttribute(\"src\")),n=new URL(t.value),c.test(n.protocol))&&n.host===r.host&&l.activeElement===s&&(d.top.location.href=t.value))}},d.addEventListener(\"message\",d.wp.receiveEmbedMessage,!1),l.addEventListener(\"DOMContentLoaded\",function(){for(var e,t,s=l.querySelectorAll(\"iframe.wp-embedded-content\"),r=0;r<s.length;r++)(t=(e=s[r]).getAttribute(\"data-secret\"))||(t=Math.random().toString(36).substring(2,12),e.src+=\"#?secret=\"+t,e.setAttribute(\"data-secret\",t)),e.contentWindow.postMessage({message:\"ready\",secret:t},\"*\")},!1)))}(window,document);\n\/\/# sourceURL=https:\/\/polygon-one.com\/wp-includes\/js\/wp-embed.min.js\n<\/script>\n","thumbnail_url":"https:\/\/polygon-one.com\/wp-content\/uploads\/2025\/11\/frederic-koberl-x_0hW-KaCgI-unsplash-scaled.jpg","thumbnail_width":2560,"thumbnail_height":1704,"description":"Am 26. November 2025 hat das Europ\u00e4ische Parlament \u00fcber den Anwendungsbeginn der Europ\u00e4ischen Entwaldungsverordnung (EUDR) abgestimmt. Mit einer Mehrheit stimmte die Europ\u00e4ischen Volkspartei (EPP) gemeinsam mit Stimmen aus dem rechten Lager f\u00fcr eine Verschiebung und \u00dcberarbeitung der Verordnung. Damit spiegelt das Ergebnis weitgehend die Position des Europ\u00e4ischen Rates wider, der bereits eine Woche zuvor f\u00fcr [&hellip;]"}